{"id":5687,"date":"2014-03-24T08:49:41","date_gmt":"2014-03-24T08:49:41","guid":{"rendered":"http:\/\/localhost:8888\/themes\/ventory\/?page_id=5687"},"modified":"2017-02-20T15:49:27","modified_gmt":"2017-02-20T15:49:27","slug":"industria","status":"publish","type":"page","link":"https:\/\/www.varazdin.es\/fundacion\/es\/industria\/","title":{"rendered":"Industria"},"content":{"rendered":"<p>[vc_row type=\u00bbfull_width_section\u00bb top_padding=\u00bb90&#8243; bottom_padding=\u00bb0&#8243;][vc_column width=\u00bb1\/1&#8243;]<div class=\"single_image wpb_content_element align-center   \" data-animation=\"none\" data-delay=\"0\"><img width=\"1680\" height=\"463\" src=\"https:\/\/www.varazdin.es\/fundacion\/wp-content\/uploads\/2014\/03\/DEFINindustria.jpg\" class=\"attachment-full\" alt=\"\" loading=\"lazy\" srcset=\"https:\/\/www.varazdin.es\/fundacion\/wp-content\/uploads\/2014\/03\/DEFINindustria.jpg 1680w, https:\/\/www.varazdin.es\/fundacion\/wp-content\/uploads\/2014\/03\/DEFINindustria-300x83.jpg 300w, https:\/\/www.varazdin.es\/fundacion\/wp-content\/uploads\/2014\/03\/DEFINindustria-768x212.jpg 768w, https:\/\/www.varazdin.es\/fundacion\/wp-content\/uploads\/2014\/03\/DEFINindustria-1024x282.jpg 1024w\" sizes=\"(max-width: 1680px) 100vw, 1680px\" \/><\/div>[\/vc_column][\/vc_row][vc_row top_padding=\u00bb40&#8243; bottom_padding=\u00bb30&#8243; bg_position=\u00bbleft top\u00bb][vc_column width=\u00bb1\/1&#8243;]<div class=\"divider-title align-center\" >INDUSTRIA<\/div>[vc_column_text]<\/p>\n<p style=\"text-align: center;\">El \u00e1rea industrial representa una buena parte de la actividad de Fundaci\u00f3n VARAZDIN. Nuestros clientes m\u00e1s importantes son empresas relacionadas\u00a0con los sectores de la automoci\u00f3n, energ\u00edas renovables y empresas del sector el\u00e9ctrico.<\/p>\n<p>[\/vc_column_text][\/vc_column][\/vc_row][vc_row top_padding=\u00bb0&#8243; bottom_padding=\u00bb50&#8243;][vc_column width=\u00bb1\/1&#8243;]<div class=\"single_image wpb_content_element align-center   \" data-animation=\"none\" data-delay=\"0\"><img width=\"353\" height=\"198\" src=\"https:\/\/www.varazdin.es\/fundacion\/wp-content\/uploads\/2014\/03\/aenor-1-1.jpg\" class=\"attachment-full\" alt=\"\" loading=\"lazy\" srcset=\"https:\/\/www.varazdin.es\/fundacion\/wp-content\/uploads\/2014\/03\/aenor-1-1.jpg 353w, https:\/\/www.varazdin.es\/fundacion\/wp-content\/uploads\/2014\/03\/aenor-1-1-300x168.jpg 300w\" sizes=\"(max-width: 353px) 100vw, 353px\" \/><\/div>[vc_column_text]<\/p>\n<p style=\"text-align: center; margin-top: 20px;\">Fundaci\u00f3n Varazdin est\u00e1 certificada con la ISO 9001:2008 para la limpieza y gesti\u00f3n de embalajes reutilizables, manipulados y montajes para industrias del sector\u00a0de automoci\u00f3n, e\u00f3lico y el\u00e9ctrico.<\/p>\n<p>[\/vc_column_text][\/vc_column][\/vc_row][vc_row bg_color=\u00bb#222222&#8243; text_color=\u00bblight\u00bb top_padding=\u00bb100&#8243; bottom_padding=\u00bb100&#8243; bg_position=\u00bbleft top\u00bb][vc_column width=\u00bb1\/3&#8243;]<div class=\"iconbox  wpb_content_element iconbox-style-2 icon-color-greyscale color-dark clearfix\"><div class=\"iconbox-icon\"><i class=\"fa sl-wrench boxicon\" style=\"\"><\/i><\/div><div class=\"iconbox-content\"><h3>Log\u00edstica<\/h3><p>Recepci\u00f3n de mercanc\u00edas, gesti\u00f3n\u00a0de pedidos y stocks<\/p><\/div><\/div><div class=\"spacer\" style=\"height: 10px;\"><\/div><div class=\"iconbox  wpb_content_element iconbox-style-2 icon-color-greyscale color-dark clearfix\"><div class=\"iconbox-icon\"><i class=\"fa sl-wrench boxicon\" style=\"\"><\/i><\/div><div class=\"iconbox-content\"><h3>Limpieza industrial<\/h3><p>Limpieza de embalajes industriales,\u00a0piezas met\u00e1licas y pl\u00e1sticas<\/p><\/div><\/div>[\/vc_column][vc_column width=\u00bb1\/3&#8243;]<div class=\"iconbox  wpb_content_element iconbox-style-2 icon-color-greyscale color-dark clearfix\"><div class=\"iconbox-icon\"><i class=\"fa sl-wrench boxicon\" style=\"\"><\/i><\/div><div class=\"iconbox-content\"><h3>Almac\u00e9n<\/h3><p>Almacenamiento de producto en\u00a0nuestras instalaciones<\/p><\/div><\/div><div class=\"spacer\" style=\"height: 10px;\"><\/div><div class=\"iconbox  wpb_content_element iconbox-style-2 icon-color-greyscale color-dark clearfix\"><div class=\"iconbox-icon\"><i class=\"fa sl-wrench boxicon\" style=\"\"><\/i><\/div><div class=\"iconbox-content\"><h3>Control de piezas<\/h3><p>Manipulados, montajes, verificaci\u00f3n\u00a0y reprocesamiento de piezas<\/p><\/div><\/div>[\/vc_column][vc_column width=\u00bb1\/3&#8243;]<div class=\"iconbox  wpb_content_element iconbox-style-2 icon-color-greyscale color-dark clearfix\"><div class=\"iconbox-icon\"><i class=\"fa sl-wrench boxicon\" style=\"\"><\/i><\/div><div class=\"iconbox-content\"><h3>Picking<\/h3><p>Preparaci\u00f3n de pedidos, embalaje,\u00a0etiquetado y expedici\u00f3n<\/p><\/div><\/div><div class=\"spacer\" style=\"height: 10px;\"><\/div><div class=\"iconbox  wpb_content_element iconbox-style-2 icon-color-greyscale color-dark clearfix\"><div class=\"iconbox-icon\"><i class=\"fa sl-wrench boxicon\" style=\"\"><\/i><\/div><div class=\"iconbox-content\"><h3>Vasos reutilizables<\/h3><p>Comercializaci\u00f3n, lavado y expedici\u00f3n\u00a0de <a href=\"http:\/\/www.varazdin.es\/fundacion\/vasos-reutilizables\/\">vasos reutilizables<\/a><\/p><\/div><\/div>[\/vc_column][\/vc_row][vc_row type=\u00bbfull_width_section\u00bb][vc_column width=\u00bb1\/1&#8243;]<div class=\"callout clearfix\" style=\"background-color:#e2aa53; color:#ffffff;\">\n\t\t<div class=\"callout-text\">\u00bfNos ayudas a crear un futuro mejor?<\/div>\n\t\t\t<div class=\"callout-button\"><a class=\"button medium color-6\" href=\"http:\/\/www.varazdin.es\/fundacion\/contacto\/\" target=\"_self\">INVOL\u00daCRATE<\/a><\/div>\n\t\t<\/div>[\/vc_column][\/vc_row]<\/p>\n","protected":false},"excerpt":{"rendered":"<p>[vc_row type=\u00bbfull_width_section\u00bb top_padding=\u00bb90&#8243; bottom_padding=\u00bb0&#8243;][vc_column width=\u00bb1\/1&#8243;][\/vc_column][\/vc_row][vc_row top_padding=\u00bb40&#8243; bottom_padding=\u00bb30&#8243; bg_position=\u00bbleft top\u00bb][vc_column width=\u00bb1\/1&#8243;][vc_column_text] El \u00e1rea industrial representa una buena parte de la actividad de Fundaci\u00f3n VARAZDIN. Nuestros clientes m\u00e1s importantes son empresas relacionadas\u00a0con los sectores de la automoci\u00f3n, energ\u00edas renovables y empresas del sector el\u00e9ctrico. [\/vc_column_text][\/vc_column][\/vc_row][vc_row top_padding=\u00bb0&#8243; bottom_padding=\u00bb50&#8243;][vc_column width=\u00bb1\/1&#8243;][vc_column_text] Fundaci\u00f3n Varazdin est\u00e1 certificada con la ISO 9001:2008 para la limpieza y gesti\u00f3n de embalajes reutilizables, manipulados y montajes para industrias del sector\u00a0de automoci\u00f3n, e\u00f3lico y el\u00e9ctrico. [\/vc_column_text][\/vc_column][\/vc_row][vc_row bg_color=\u00bb#222222&#8243; text_color=\u00bblight\u00bb top_padding=\u00bb100&#8243; bottom_padding=\u00bb100&#8243; bg_position=\u00bbleft top\u00bb][vc_column width=\u00bb1\/3&#8243;][\/vc_column][vc_column width=\u00bb1\/3&#8243;][\/vc_column][vc_column width=\u00bb1\/3&#8243;][\/vc_column][\/vc_row][vc_row type=\u00bbfull_width_section\u00bb][vc_column width=\u00bb1\/1&#8243;][\/vc_column][\/vc_row]<\/p>\n","protected":false},"author":1,"featured_media":0,"parent":0,"menu_order":0,"comment_status":"open","ping_status":"open","template":"","meta":[],"_links":{"self":[{"href":"https:\/\/www.varazdin.es\/fundacion\/wp-json\/wp\/v2\/pages\/5687"}],"collection":[{"href":"https:\/\/www.varazdin.es\/fundacion\/wp-json\/wp\/v2\/pages"}],"about":[{"href":"https:\/\/www.varazdin.es\/fundacion\/wp-json\/wp\/v2\/types\/page"}],"author":[{"embeddable":true,"href":"https:\/\/www.varazdin.es\/fundacion\/wp-json\/wp\/v2\/users\/1"}],"replies":[{"embeddable":true,"href":"https:\/\/www.varazdin.es\/fundacion\/wp-json\/wp\/v2\/comments?post=5687"}],"version-history":[{"count":32,"href":"https:\/\/www.varazdin.es\/fundacion\/wp-json\/wp\/v2\/pages\/5687\/revisions"}],"predecessor-version":[{"id":16198,"href":"https:\/\/www.varazdin.es\/fundacion\/wp-json\/wp\/v2\/pages\/5687\/revisions\/16198"}],"wp:attachment":[{"href":"https:\/\/www.varazdin.es\/fundacion\/wp-json\/wp\/v2\/media?parent=5687"}],"curies":[{"name":"wp","href":"https:\/\/api.w.org\/{rel}","templated":true}]}}