{"id":16247,"date":"2018-02-12T10:02:45","date_gmt":"2018-02-12T10:02:45","guid":{"rendered":"http:\/\/www.varazdin.es\/fundacion\/?page_id=16247"},"modified":"2019-12-05T11:25:23","modified_gmt":"2019-12-05T11:25:23","slug":"politica-de-proteccion-de-datos","status":"publish","type":"page","link":"https:\/\/www.varazdin.es\/fundacion\/es\/politica-de-proteccion-de-datos\/","title":{"rendered":"Pol\u00edtica de protecci\u00f3n de datos"},"content":{"rendered":"<h2>Contactos<\/h2>\n<h4>\u00bfQui\u00e9n es el responsable de sus datos?<\/h4>\n<p>De acuerdo con lo establecido por la Ley Org\u00e1nica 3\/2018, de 5 de diciembre, de Protecci\u00f3n de Datos Personales y garant\u00eda de los derechos digitales (LOPD) y el Reglamento General de Protecci\u00f3n de Datos (RGPD) de 27 de Abril de 2016, le informamos que los datos personales aportados ser\u00e1n tratados por FUNDACI\u00d3N VARAZDIN con CIF G31865520 y domicilio en Pol\u00edgono Industrial No\u00e1in-Esqu\u00edroz C\/H, 37 &#8211; 31191, Esqu\u00edroz de Galar (Navarra).<\/p>\n<h4>\u00bfCon qu\u00e9 finalidad tratamos sus datos personales?<\/h4>\n<p>Los datos aportados por usted son necesarios para poder prestarle con todas las garant\u00edas el servicio solicitado.<\/p>\n<h4>\u00bfPor cu\u00e1nto tiempo conservaremos sus datos?<\/h4>\n<p>Los datos personales proporcionados se conservar\u00e1n mientras se prevea que pueden ser necesarios para contactar con el interesado.<\/p>\n<h4>\u00bfCu\u00e1l es la legitimaci\u00f3n para el tratamiento de sus datos?<\/h4>\n<p>La base legal para el tratamiento de sus datos es el consentimiento del interesado al contactar con nuestra organizaci\u00f3n.<\/p>\n<h4>\u00bfA qu\u00e9 destinatarios se comunicar\u00e1n sus datos?<\/h4>\n<p>Sus datos no se ceder\u00e1n a terceros salvo obligaci\u00f3n legal.<\/p>\n<h4>\u00bfCu\u00e1les son sus derechos cuando nos facilita sus datos?<\/h4>\n<p>Cualquier persona tiene derecho a solicitar el acceso, rectificaci\u00f3n, supresi\u00f3n, limitaci\u00f3n del tratamiento, oposici\u00f3n o derecho a la portabilidad de sus datos personales, escribi\u00e9ndonos a la direcci\u00f3n de nuestras oficinas, o enviando un correo electr\u00f3nico a gerencia@varazdin.es, indicando el derecho que desea ejercer.<br \/>\nTendr\u00e1 derecho igualmente a retirar el consentimiento prestado en cualquier momento. La retirada del consentimiento no afectar\u00e1 a la licitud del tratamiento efectuado antes de la retirada de dicho consentimiento.<br \/>\nTiene derecho a presentar una reclamaci\u00f3n ante la autoridad de control si considera que pueden haber sido vulnerados sus derechos en lo concerniente a la protecci\u00f3n de sus datos personales.<\/p>\n<h2>Clientes<\/h2>\n<h4>\u00bfQui\u00e9n es el responsable de sus datos?<\/h4>\n<p>De acuerdo con lo establecido por la Ley Org\u00e1nica 3\/2018, de 5 de diciembre, de Protecci\u00f3n de Datos Personales y garant\u00eda de los derechos digitales (LOPD) y el Reglamento General de Protecci\u00f3n de Datos (RGPD) de 27 de Abril de 2016, le informamos que los datos personales aportados ser\u00e1n tratados por FUNDACI\u00d3N VARAZDIN con CIF G31865520 y domicilio en Pol\u00edgono Industrial No\u00e1in-Esqu\u00edroz C\/H, 37 &#8211; 31191, Esqu\u00edroz de Galar (Navarra).<\/p>\n<h4>\u00bfCon qu\u00e9 finalidad tratamos sus datos personales?<\/h4>\n<p>Los datos aportados por usted son necesarios para poder prestarle con todas las garant\u00edas el servicio solicitado, y ser\u00e1n tratados con las siguientes finalidades: Gesti\u00f3n administrativa, contable y fiscal, gesti\u00f3n de las relaciones comerciales y transacciones econ\u00f3micas, acciones de marketing y publicidad en general.<\/p>\n<h4>\u00bfPor cu\u00e1nto tiempo conservaremos sus datos?<\/h4>\n<p>Los datos proporcionados se conservar\u00e1n mientras se mantenga la relaci\u00f3n mercantil despu\u00e9s durante un plazo legalmente exigido.<\/p>\n<h4>\u00bfCu\u00e1l es la legitimaci\u00f3n para el tratamiento de sus datos?<\/h4>\n<p>Ejecuci\u00f3n del contrato de prestaci\u00f3n de servicios.<\/p>\n<h4>\u00bfA qu\u00e9 destinatarios se comunicar\u00e1n sus datos?<\/h4>\n<p>Para cumplir con la finalidad prevista, sus datos podr\u00e1n ser comunicados a: Administraci\u00f3n tributaria; Bancos, cajas de ahorros y cajas rurales; Administraci\u00f3n p\u00fablica con competencia en la materia.<\/p>\n<h4>\u00bfCu\u00e1les son sus derechos cuando nos facilita sus datos?<\/h4>\n<p>Cualquier persona tiene derecho a solicitar el acceso, rectificaci\u00f3n, supresi\u00f3n, limitaci\u00f3n del tratamiento, oposici\u00f3n o derecho a la portabilidad de sus datos personales, escribi\u00e9ndonos a la direcci\u00f3n de nuestras oficinas, o enviando un correo electr\u00f3nico a gerencia@varazdin.es, indicando el derecho que desea ejercer.<br \/>\nTendr\u00e1 derecho igualmente a retirar el consentimiento prestado en cualquier momento. La retirada del consentimiento no afectar\u00e1 a la licitud del tratamiento efectuado antes de la retirada de dicho consentimiento.<br \/>\nTiene derecho a presentar una reclamaci\u00f3n ante la autoridad de control si considera que pueden haber sido vulnerados sus derechos en lo concerniente a la protecci\u00f3n de sus datos personales.<\/p>\n","protected":false},"excerpt":{"rendered":"<p>Contactos \u00bfQui\u00e9n es el responsable de sus datos? De acuerdo con lo establecido por la Ley Org\u00e1nica 3\/2018, de 5 de diciembre, de Protecci\u00f3n de Datos Personales y garant\u00eda de los derechos digitales (LOPD) y el Reglamento General de Protecci\u00f3n de Datos (RGPD) de 27 de Abril de 2016, le informamos que los datos personales aportados ser\u00e1n tratados por FUNDACI\u00d3N VARAZDIN con CIF G31865520 y domicilio en Pol\u00edgono Industrial No\u00e1in-Esqu\u00edroz C\/H, 37 &#8211; 31191, Esqu\u00edroz de Galar (Navarra). \u00bfCon qu\u00e9 finalidad tratamos sus datos personales? Los datos aportados por usted son necesarios para poder prestarle con todas las garant\u00edas el servicio solicitado. \u00bfPor cu\u00e1nto tiempo conservaremos sus datos? Los datos personales proporcionados se conservar\u00e1n mientras se prevea que pueden ser necesarios para contactar con el interesado. \u00bfCu\u00e1l es la legitimaci\u00f3n para el tratamiento de sus datos? La base legal para el tratamiento de sus datos es el consentimiento del interesado al contactar con nuestra organizaci\u00f3n. \u00bfA qu\u00e9 destinatarios se comunicar\u00e1n sus datos? Sus datos no se ceder\u00e1n a terceros salvo obligaci\u00f3n legal. \u00bfCu\u00e1les son sus derechos cuando nos facilita sus datos? Cualquier persona tiene derecho a solicitar el acceso, rectificaci\u00f3n, supresi\u00f3n, limitaci\u00f3n del tratamiento, oposici\u00f3n o derecho a la portabilidad [&hellip;]<\/p>\n","protected":false},"author":1,"featured_media":0,"parent":0,"menu_order":0,"comment_status":"closed","ping_status":"closed","template":"","meta":[],"_links":{"self":[{"href":"https:\/\/www.varazdin.es\/fundacion\/wp-json\/wp\/v2\/pages\/16247"}],"collection":[{"href":"https:\/\/www.varazdin.es\/fundacion\/wp-json\/wp\/v2\/pages"}],"about":[{"href":"https:\/\/www.varazdin.es\/fundacion\/wp-json\/wp\/v2\/types\/page"}],"author":[{"embeddable":true,"href":"https:\/\/www.varazdin.es\/fundacion\/wp-json\/wp\/v2\/users\/1"}],"replies":[{"embeddable":true,"href":"https:\/\/www.varazdin.es\/fundacion\/wp-json\/wp\/v2\/comments?post=16247"}],"version-history":[{"count":5,"href":"https:\/\/www.varazdin.es\/fundacion\/wp-json\/wp\/v2\/pages\/16247\/revisions"}],"predecessor-version":[{"id":16303,"href":"https:\/\/www.varazdin.es\/fundacion\/wp-json\/wp\/v2\/pages\/16247\/revisions\/16303"}],"wp:attachment":[{"href":"https:\/\/www.varazdin.es\/fundacion\/wp-json\/wp\/v2\/media?parent=16247"}],"curies":[{"name":"wp","href":"https:\/\/api.w.org\/{rel}","templated":true}]}}